{"id":1709,"date":"2025-12-12T09:15:21","date_gmt":"2025-12-12T09:15:21","guid":{"rendered":"https:\/\/seaglow.eu\/?post_type=tribe_events&#038;p=1709"},"modified":"2025-12-12T09:15:21","modified_gmt":"2025-12-12T09:15:21","slug":"second-high-level-conference-on-energy-transition-for-the-eu-fisheries-and-aquaculture-sector","status":"publish","type":"tribe_events","link":"https:\/\/seaglow.eu\/lt\/event\/second-high-level-conference-on-energy-transition-for-the-eu-fisheries-and-aquaculture-sector\/","title":{"rendered":"Antroji auk\u0161to lygio konferencija d\u0117l per\u0117jimo prie energetikos ES \u017euvininkyst\u0117s ir akvakult\u016bros sektoriuje"},"content":{"rendered":"<p class=\"yiv8193370888MsoNormal\">\"Seaglow\" dalyvaus antrojoje auk\u0161to lygio konferencijoje d\u0117l per\u0117jimo prie energijos vartojimo ES \u017euvininkyst\u0117s ir akvakult\u016bros sektoriuje, kuri\u0105 organizuoja Energetikos per\u0117jimo partneryst\u0117.<\/p>\n<p class=\"yiv8193370888MsoNormal\">Pagrindiniuose prane\u0161imuose bus pristatyti ES energetikos pertvarkos siekiai ir vizija, sektori\u0173 konsultacij\u0173 \u012f\u017evalgos ir bendri energetikos pertvarkos prioritetai, kuriuos pagal ETP pristatys paramos grupi\u0173 koordinatoriai. \u0160i\u0173 diskusij\u0173 pagrindu bus parengtas energetikos per\u0117jimo planas, kur\u012f Europos Komisija, remdamasi ETP konsultacij\u0173 rekomendacijomis, planuoja paskelbti 2026 m. III ketvirt\u012f.<\/p>\n<p class=\"yiv8193370888MsoNormal\">Diskusijoje dalyvaus auk\u0161\u010diausio lygio prane\u0161\u0117jai: U\u017e \u017euvininkyst\u0119 ir vandenynus atsakingas Komisijos narys\u00a0<strong>Costas Kadis<\/strong>, generalinis direktorius\u00a0<strong>Charlina Vitcheva<\/strong>, Europos Parlamento, ES Tarybos, ES valstybi\u0173 nari\u0173, pramon\u0117s ir atitinkam\u0173 NVO atstovai.<\/p>\n<p><a href=\"https:\/\/maritime-forum.ec.europa.eu\/events\/navigating-change-towards-energy-transition-eu-fisheries-and-aquaculture-2026-02-17_en\">Renginio tinklalapis ir registracija<\/a><\/p>","protected":false},"excerpt":{"rendered":"<p>Seaglow will attend the Second High-Level Conference on Energy Transition for the EU fisheries and aquaculture Sector organised by the Energy Transition Partnership. Keynote presentations will outline the EU\u2019s energy [&hellip;]<\/p>\n","protected":false},"author":2,"featured_media":1710,"template":"","meta":{"_tribe_events_status":"","_tribe_events_status_reason":"","footnotes":""},"tags":[],"tribe_events_cat":[],"class_list":["post-1709","tribe_events","type-tribe_events","status-publish","has-post-thumbnail","hentry","has-post-title","has-post-date","has-post-category","has-post-tag","has-post-comment","has-post-author",""],"_links":{"self":[{"href":"https:\/\/seaglow.eu\/lt\/wp-json\/wp\/v2\/tribe_events\/1709","targetHints":{"allow":["GET"]}}],"collection":[{"href":"https:\/\/seaglow.eu\/lt\/wp-json\/wp\/v2\/tribe_events"}],"about":[{"href":"https:\/\/seaglow.eu\/lt\/wp-json\/wp\/v2\/types\/tribe_events"}],"author":[{"embeddable":true,"href":"https:\/\/seaglow.eu\/lt\/wp-json\/wp\/v2\/users\/2"}],"version-history":[{"count":2,"href":"https:\/\/seaglow.eu\/lt\/wp-json\/wp\/v2\/tribe_events\/1709\/revisions"}],"predecessor-version":[{"id":1712,"href":"https:\/\/seaglow.eu\/lt\/wp-json\/wp\/v2\/tribe_events\/1709\/revisions\/1712"}],"wp:featuredmedia":[{"embeddable":true,"href":"https:\/\/seaglow.eu\/lt\/wp-json\/wp\/v2\/media\/1710"}],"wp:attachment":[{"href":"https:\/\/seaglow.eu\/lt\/wp-json\/wp\/v2\/media?parent=1709"}],"wp:term":[{"taxonomy":"post_tag","embeddable":true,"href":"https:\/\/seaglow.eu\/lt\/wp-json\/wp\/v2\/tags?post=1709"},{"taxonomy":"tribe_events_cat","embeddable":true,"href":"https:\/\/seaglow.eu\/lt\/wp-json\/wp\/v2\/tribe_events_cat?post=1709"}],"curies":[{"name":"wp","href":"https:\/\/api.w.org\/{rel}","templated":true}]}}