{"id":1445,"date":"2025-01-09T09:06:49","date_gmt":"2025-01-09T09:06:49","guid":{"rendered":"https:\/\/seaglow.eu\/?post_type=tribe_events&#038;p=1445"},"modified":"2025-01-09T09:06:49","modified_gmt":"2025-01-09T09:06:49","slug":"mission-restore-our-ocean-and-waters-forum","status":"publish","type":"tribe_events","link":"http:\/\/seaglow.eu\/lv\/event\/mission-restore-our-ocean-and-waters-forum\/","title":{"rendered":"Misija Atjaunot m\u016bsu oke\u0101nu un \u016bde\u0146us forums\u00a0"},"content":{"rendered":"<p><strong>Misija Atjaunot m\u016bsu oke\u0101nu un \u016bde\u0146us forums<\/strong><\/p>\n<p>Eiropas Oke\u0101na dienas ir ned\u0113\u013cu ilgs pas\u0101kums, kur\u0101 notiek virkne dinamisku un savstarp\u0113ji saist\u012btu sesiju, kas saist\u012btas ar j\u016brniec\u012bbas tematiku.<\/p>\n<p>SEAGLOW piedal\u012bsies misijas \"Atjaunot m\u016bsu oke\u0101nu un \u016bde\u0146us\" tre\u0161aj\u0101 ikgad\u0113j\u0101 forum\u0101, kura m\u0113r\u0137is ir izv\u0113rt\u0113t misijas progresu un galvenos sasniegumus, mobiliz\u0113t attiec\u012bgos dal\u012bbniekus galvenajiem misijas m\u0113r\u0137iem un apspriest vajadz\u012bbas un strat\u0113\u0123iskos pas\u0101kumus misijas 2030. gada m\u0113r\u0137u sasnieg\u0161anai. Pas\u0101kum\u0101 tiks demonstr\u0113ti inovat\u012bvi un konkr\u0113ti risin\u0101jumi, kas izstr\u0101d\u0101ti Misijas ietvaros un sekm\u0113 t\u0101s m\u0113r\u0137u sasnieg\u0161anu, tiks apspriests, k\u0101 misijas \u012bsteno\u0161an\u0101 ir iesaist\u012btas galven\u0101s ieinteres\u0113t\u0101s personas, piem\u0113ram, re\u0123ioni, viet\u0113j\u0101s iest\u0101des un priv\u0101tais sektors, un k\u0101 tiek mobiliz\u0113ti da\u017e\u0101di finans\u0113juma avoti, lai atbalst\u012btu misijas m\u0113r\u0137u sasnieg\u0161anai nepiecie\u0161amo risin\u0101jumu palielin\u0101\u0161anu un ievie\u0161anu. Pas\u0101kum\u0101 b\u016bs iesp\u0113ja apspriest misijas strat\u0113\u0123isko virz\u012bbu turpm\u0101kajos gados un nepiecie\u0161amos pas\u0101kumus misijas ietvaros izstr\u0101d\u0101to inovat\u012bvo risin\u0101jumu izplat\u012b\u0161anai, atk\u0101rto\u0161anai un ievie\u0161anai. Turkl\u0101t t\u0101 b\u016bs platforma, lai izp\u0113t\u012btu, k\u0101 misija var akt\u012bvi veicin\u0101t ES priorit\u0101\u0161u, tostarp Oke\u0101na pakta, \u012bsteno\u0161anu n\u0101kotn\u0113. Visas ned\u0113\u013cas garum\u0101 notiks vair\u0101ki ar misiju saist\u012bti pas\u0101kumi.<\/p>\n<p><a href=\"https:\/\/maritime-forum.ec.europa.eu\/theme\/governance\/european-ocean-days_en\">VAIR\u0100K INFORM\u0100CIJAS UN RE\u0122ISTR\u0100CIJA \u0160EIT<\/a><\/p>","protected":false},"excerpt":{"rendered":"<p>Mission Restore Our Ocean and Waters Forum The European Ocean Days is a week-long event with a series of dynamic and interconnected sessions relevant to maritime topics. SEAGLOW will attend [&hellip;]<\/p>\n","protected":false},"author":2,"featured_media":1447,"template":"","meta":{"_tribe_events_status":"","_tribe_events_status_reason":"","footnotes":""},"tags":[],"tribe_events_cat":[],"class_list":["post-1445","tribe_events","type-tribe_events","status-publish","has-post-thumbnail","hentry","has-post-title","has-post-date","has-post-category","has-post-tag","has-post-comment","has-post-author",""],"_links":{"self":[{"href":"http:\/\/seaglow.eu\/lv\/wp-json\/wp\/v2\/tribe_events\/1445","targetHints":{"allow":["GET"]}}],"collection":[{"href":"http:\/\/seaglow.eu\/lv\/wp-json\/wp\/v2\/tribe_events"}],"about":[{"href":"http:\/\/seaglow.eu\/lv\/wp-json\/wp\/v2\/types\/tribe_events"}],"author":[{"embeddable":true,"href":"http:\/\/seaglow.eu\/lv\/wp-json\/wp\/v2\/users\/2"}],"version-history":[{"count":4,"href":"http:\/\/seaglow.eu\/lv\/wp-json\/wp\/v2\/tribe_events\/1445\/revisions"}],"predecessor-version":[{"id":1450,"href":"http:\/\/seaglow.eu\/lv\/wp-json\/wp\/v2\/tribe_events\/1445\/revisions\/1450"}],"wp:featuredmedia":[{"embeddable":true,"href":"http:\/\/seaglow.eu\/lv\/wp-json\/wp\/v2\/media\/1447"}],"wp:attachment":[{"href":"http:\/\/seaglow.eu\/lv\/wp-json\/wp\/v2\/media?parent=1445"}],"wp:term":[{"taxonomy":"post_tag","embeddable":true,"href":"http:\/\/seaglow.eu\/lv\/wp-json\/wp\/v2\/tags?post=1445"},{"taxonomy":"tribe_events_cat","embeddable":true,"href":"http:\/\/seaglow.eu\/lv\/wp-json\/wp\/v2\/tribe_events_cat?post=1445"}],"curies":[{"name":"wp","href":"https:\/\/api.w.org\/{rel}","templated":true}]}}